{"id":3,"date":"2023-03-29T13:38:08","date_gmt":"2023-03-29T16:38:08","guid":{"rendered":"https:\/\/maquira.com.br\/wp63\/?page_id=3"},"modified":"2023-06-14T10:17:51","modified_gmt":"2023-06-14T13:17:51","slug":"politica-de-privacidade","status":"publish","type":"page","link":"https:\/\/maquira.com.br\/wp63\/politica-de-privacidade\/","title":{"rendered":"Pol\u00edtica de privacidade"},"content":{"rendered":"\r\n<p style=\"font-weight: 400;\">Data da \u00faltima atualiza\u00e7\u00e3o: 21\/10\/2022<\/p>\r\n<p style=\"font-weight: 400;\">N\u00f3s, da MAQUIRA IND\u00daSTRIA DE PRODUTOS ODONTOL\u00d3GICOS S\/A (a \u201cMAQUIRA\u201d ou \u201cn\u00f3s\u201d), estamos comprometidos em resguardar sua privacidade e proteger seus dados. O intuito deste documento \u00e9 esclarecer quais informa\u00e7\u00f5es s\u00e3o coletadas dos usu\u00e1rios de nosso site \u2013\u00a0<a href=\"https:\/\/maquira.com.br\/wp63\/\">https:\/\/maquira.com.br\/wp63\/<\/a>\u00a0\u2013 (\u201cVoc\u00ea\u201d) e de que forma esses dados s\u00e3o utilizados.<\/p>\r\n<p style=\"font-weight: 400;\"><b><strong>MAQUIRA IND\u00daSTRIA DE PRODUTOS ODONTOL\u00d3GICOS S\/A<\/strong><\/b>, inscrita no CNPJ sob o n\u00ba 05.823.205\/0001-90, com sede na Avenida Melvin Jones, 773 em Maring\u00e1, PR, CEP 87070-030 (\u201cMaquira\u201d, \u201cn\u00f3s\u201d ou \u201cnossos\u201d).<\/p>\r\n<p style=\"font-weight: 400;\">N\u00f3s, da Maquira, temos como um de nossos principais valores o compromisso de respeitar e preservar a privacidade e proteger os Dados Pessoais dos nossos Usu\u00e1rios.<\/p>\r\n<p style=\"font-weight: 400;\">Por isso desenvolvemos esta Pol\u00edtica de Privacidade (\u201cPol\u00edtica\u201d), para que o usu\u00e1rio saiba como n\u00f3s tratamos seus Dados Pessoais. Ao fornecer informa\u00e7\u00f5es pessoais, navegar no site ou utilizar nosso aplicativo, o Usu\u00e1rio estar\u00e1 ciente das regras de utiliza\u00e7\u00e3o, prote\u00e7\u00e3o e seguran\u00e7a aqui estabelecidas.<\/p>\r\n<p style=\"font-weight: 400;\"><b><strong><u>\u00c9 muito importante que o usu\u00e1rio leia atentamente esta Pol\u00edtica!<\/u><\/strong><\/b><\/p>\r\n<p style=\"font-weight: 400;\">Se ap\u00f3s a leitura desta Pol\u00edtica o usu\u00e1rio ainda tiver d\u00favidas, fique \u00e0 vontade para entrar em contato conosco por meio dos nossos Canais de Atendimento dispon\u00edveis em nosso site ou por meio de contato direto com o nosso Encarregado, conforme dispon\u00edvel nesta Pol\u00edtica.<\/p>\r\n<p style=\"font-weight: 400;\"><b><\/b><b><strong>1. O que voc\u00ea precisa saber antes de ler a pol\u00edtica:<\/strong><\/b><\/p>\r\n<p style=\"font-weight: 400;\">\u2013 Dados pessoais: informa\u00e7\u00f5es que permitem a identifica\u00e7\u00e3o de uma pessoa f\u00edsica, seja como dado isolado ou em conjunto com outras informa\u00e7\u00f5es dispon\u00edveis. Como, por exemplo, o n\u00famero do CPF e do RG.<\/p>\r\n<p style=\"font-weight: 400;\">\u2013 Titular de Dados pessoais: pessoa f\u00edsica a quem se referem as informa\u00e7\u00f5es e cujos dados pessoais foram tratados.<\/p>\r\n<p style=\"font-weight: 400;\">\u2013 Dados sens\u00edveis: s\u00e3o os dados pessoais que revelam origem racial ou \u00e9tnica, opini\u00f5es pol\u00edticas e convic\u00e7\u00f5es religiosas ou filos\u00f3ficas, filia\u00e7\u00e3o sindical, dados gen\u00e9ticos e\/ou biom\u00e9tricos, relacionados \u00e0 sa\u00fade, relativos \u00e0 vida sexual ou orienta\u00e7\u00e3o sexual da pessoa.<\/p>\r\n<p style=\"font-weight: 400;\">\u2013 Tratamento de Dados: qualquer opera\u00e7\u00e3o realizada com os dados pessoais, como visualizar, salvar, utilizar, consultar, processar, modificar, extrair, transferir ou eliminar.<\/p>\r\n<p style=\"font-weight: 400;\"><b><strong>2. A quem essa pol\u00edtica se aplica?<\/strong><\/b><\/p>\r\n<p style=\"font-weight: 400;\">Essa pol\u00edtica de privacidade aplica-se a todos os clientes da Maquira que de alguma forma tenham seus dados tratados por n\u00f3s, ou tenham fornecido nos sistemas da Maquira dados de terceiros, desde que os clientes tenham obtidos de tais terceiros autoriza\u00e7\u00e3o para tanto.<\/p>\r\n<p style=\"font-weight: 400;\"><b><strong>3. Quais os direitos do titular de dados?<\/strong><\/b><\/p>\r\n<p style=\"font-weight: 400;\">Conforme disp\u00f5e a lei 13.709\/2018 (LGPD), o titular dos dados pessoais tem direito a obter informa\u00e7\u00f5es referentes aos seus dados tratados a qualquer momento e mediante requisi\u00e7\u00e3o:<\/p>\r\n<ol>\r\n<li>Confirma\u00e7\u00e3o da exist\u00eancia de tratamento;<\/li>\r\n<li style=\"font-weight: 400;\">Acesso aos dados;<\/li>\r\n<li style=\"font-weight: 400;\">Corre\u00e7\u00e3o de dados incompletos, inexatos ou desatualizados;<\/li>\r\n<li style=\"font-weight: 400;\">Anonimiza\u00e7\u00e3o, bloqueio ou elimina\u00e7\u00e3o de dados desnecess\u00e1rios, excessivos ou tratados em desconformidade com a lei;<\/li>\r\n<li style=\"font-weight: 400;\">Portabilidade dos dados a outro fornecedor de servi\u00e7o ou produto, mediante requisi\u00e7\u00e3o expressa, de acordo com a regulamenta\u00e7\u00e3o da autoridade nacional, observados os segredos comercial e industrial;<\/li>\r\n<li style=\"font-weight: 400;\">Elimina\u00e7\u00e3o dos dados pessoais tratados com o consentimento do titular;<\/li>\r\n<li style=\"font-weight: 400;\">Informa\u00e7\u00e3o das entidades p\u00fablicas e privadas com as quais o controlador realizou uso compartilhado de dados;<\/li>\r\n<li style=\"font-weight: 400;\">Informa\u00e7\u00e3o sobre a possibilidade de n\u00e3o fornecer consentimento e sobre as consequ\u00eancias da negativa;<\/li>\r\n<li style=\"font-weight: 400;\">Revoga\u00e7\u00e3o do consentimento<\/li>\r\n<\/ol>\r\n<p><b><strong>4. Como a Maquira usa os dados pessoais?<\/strong><\/b><\/p>\r\n<p style=\"font-weight: 400;\">N\u00f3s os utilizamos principalmente para viabilizar e aprimorar as rela\u00e7\u00f5es comerciais, para comunica\u00e7\u00e3o com voc\u00ea, nosso cliente e interessado em nossos servi\u00e7os, para garantia de seguran\u00e7a e, consequentemente, evitar fraudes, incluindo a prote\u00e7\u00e3o das pessoas, dos nossos funcion\u00e1rios e da Maquira em benef\u00edcio dos usu\u00e1rios. Al\u00e9m disso, tem-se por objetivo o cumprimento da lei vigente, como as obriga\u00e7\u00f5es fiscais, por exemplo.<\/p>\r\n<p style=\"font-weight: 400;\"><b><strong>5. Com quem compartilhamos seus dados?<\/strong><\/b><\/p>\r\n<p style=\"font-weight: 400;\">As informa\u00e7\u00f5es coletadas s\u00e3o tratadas dentro da Maquira e s\u00f3 as compartilharemos quando necess\u00e1rio, mediante decis\u00e3o judicial ou requisi\u00e7\u00e3o de autoridade competente, por exemplo, nos termos da LGPD.<\/p>\r\n<p style=\"font-weight: 400;\"><b><strong>6. Por quanto tempo as informa\u00e7\u00f5es s\u00e3o armazenadas?<\/strong><\/b><\/p>\r\n<p style=\"font-weight: 400;\">Armazenamos as informa\u00e7\u00f5es de acordo com as normas de prescri\u00e7\u00e3o do Direito brasileiro.<\/p>\r\n<p style=\"font-weight: 400;\"><b><strong>7. Dados pessoais de crian\u00e7as e adolescentes:<\/strong><\/b><\/p>\r\n<p style=\"font-weight: 400;\">A Maquira busca realizar tratamento dos dados de crian\u00e7as e adolescentes, quando o caso, somente em casos de necessidade, no melhor interesse do menor, e com consentimento espec\u00edfico e destacado de, ao menos, um dos pais ou do respons\u00e1vel legal.<\/p>\r\n<p style=\"font-weight: 400;\"><b><strong>8. Cookies:<\/strong><\/b><\/p>\r\n<p style=\"font-weight: 400;\">S\u00e3o pequenos arquivos adicionados ao seu dispositivo ou computador por sites que voc\u00ea acessa. Nossos servi\u00e7os online podem utilizar cookies para otimizar o funcionamento do site da Maquira e para fornecer uma experi\u00eancia mais personalizada ao usu\u00e1rio. Eles nos ajudam a adaptar o site \u00e0s suas necessidades pessoais, al\u00e9m de auxiliar no impedimento de atividades fraudulentas e no melhoramento da seguran\u00e7a.<\/p>\r\n<p style=\"font-weight: 400;\"><b><strong>9. Compromisso da Maquira com sua privacidade:<\/strong><\/b><\/p>\r\n<p style=\"font-weight: 400;\">Para garantir a seguran\u00e7a de seus dados pessoais, nossas condutas de privacidade e seguran\u00e7a s\u00e3o comunicadas aos nossos funcion\u00e1rios e aplicamos estritamente as diretrizes de privacidade na empresa.<\/p>\r\n<p style=\"font-weight: 400;\"><b><strong>10. Altera\u00e7\u00f5es da nossa Pol\u00edtica:<\/strong><\/b><\/p>\r\n<p style=\"font-weight: 400;\">Se houver mudan\u00e7as na forma de tratar os Dados Pessoais dentro da Maquira, atualizaremos esta pol\u00edtica. Reservamo-nos o direito de realizar altera\u00e7\u00f5es a qualquer momento, sempre com o escopo de proteger os dados pessoais tratados. Por favor, pedimos que acesse esta Pol\u00edtica frequentemente para tomar ci\u00eancia de qualquer modifica\u00e7\u00e3o nas nossas pr\u00e1ticas e\/ou nesta Pol\u00edtica de Privacidade.<\/p>\r\n<p style=\"font-weight: 400;\"><b><strong>11. Regras Gerais de Inser\u00e7\u00e3o de Dados de Terceiros:<\/strong><\/b><\/p>\r\n<p style=\"font-weight: 400;\">Na hip\u00f3tese de os clientes inserirem dados, fotografias, imagens, ou qualquer tipo de arquivo, nos sistemas internos do grupo Maquira, envolvendo terceiros, ficam os clientes cientes de que tal inser\u00e7\u00e3o dever\u00e1 ser precedida de autoriza\u00e7\u00e3o destes terceiros, que dever\u00e1 ser obtida pelos pr\u00f3prios clientes. A Maquira presumir\u00e1, ao receber tais informa\u00e7\u00f5es, que os clientes obtiveram autoriza\u00e7\u00f5es destes terceiros, e, uma vez inseridas as informa\u00e7\u00f5es em seus sistemas, assumir\u00e1 a fun\u00e7\u00e3o de controladora de tais dados, para todos os efeitos da LGPD, ficando os clientes cientes de que, para determinadas campanhas ou projetos realizados pela Maquira, poder\u00e3o tais informa\u00e7\u00f5es, fotografias, v\u00eddeos, imagens, dentre outros, ser exibidas nas redes sociais da Maquira, a crit\u00e9rio desta (inclusive na escolha), desde que n\u00e3o seja poss\u00edvel a identifica\u00e7\u00e3o do terceiro ao qual se refira aquela determinada informa\u00e7\u00e3o\/dado, sendo que tal divulga\u00e7\u00e3o ocorrer\u00e1 de maneira gratuita, n\u00e3o onerosa, \u00e0 Maquira, com o que os clientes anuem de maneira autom\u00e1tica, a partir do cadastramento e inclus\u00e3o das informa\u00e7\u00f5es junto aos sistemas da Maquira.<\/p>\r\n<p style=\"font-weight: 400;\"><b><strong>12. Contato:<\/strong><\/b><\/p>\r\n<p style=\"font-weight: 400;\">Caso haja d\u00favidas ou coment\u00e1rios acerca desta Pol\u00edtica de Privacidade, por favor, entre em contato conosco atrav\u00e9s da se\u00e7\u00e3o Contato em\u00a0<a href=\"https:\/\/maquira.com.br\/wp63\/contato\">www.maquira.com.br\/contato<\/a>, ou ligue para o nosso Servi\u00e7o de Atendimento ao Consumidor (SAC) no n\u00famero 0800 726 5848, ou nos mande um e-mail atrav\u00e9s do endere\u00e7o eletr\u00f4nico\u00a0<a href=\"mailto:contato@maquira.com.br\">contato@maquira.com.br<\/a>. Faremos o poss\u00edvel para auxili\u00e1-lo.<\/p>\r\n","protected":false},"excerpt":{"rendered":"<p>Data da \u00faltima atualiza\u00e7\u00e3o: 21\/10\/2022 N\u00f3s, da MAQUIRA IND\u00daSTRIA DE PRODUTOS ODONTOL\u00d3GICOS S\/A (a \u201cMAQUIRA\u201d ou \u201cn\u00f3s\u201d), estamos comprometidos em resguardar sua privacidade e proteger seus dados. O intuito deste documento \u00e9 esclarecer quais informa\u00e7\u00f5es s\u00e3o coletadas dos usu\u00e1rios de nosso site \u2013\u00a0https:\/\/maquira.com.br\/wp63\/\u00a0\u2013 (\u201cVoc\u00ea\u201d) e de que forma esses dados s\u00e3o utilizados. MAQUIRA IND\u00daSTRIA DE PRODUTOS ODONTOL\u00d3GICOS S\/A, inscrita no CNPJ sob o n\u00ba 05.823.205\/0001-90, com sede na Avenida Melvin Jones, 773 em Maring\u00e1, PR, CEP 87070-030 (\u201cMaquira\u201d, \u201cn\u00f3s\u201d ou \u201cnossos\u201d). N\u00f3s, da Maquira, temos como um de nossos principais valores o compromisso de respeitar e preservar a privacidade e proteger os Dados Pessoais dos nossos Usu\u00e1rios. Por isso desenvolvemos esta Pol\u00edtica de Privacidade (\u201cPol\u00edtica\u201d), para que o usu\u00e1rio saiba como n\u00f3s tratamos seus Dados Pessoais. Ao fornecer informa\u00e7\u00f5es pessoais, navegar no site ou utilizar nosso aplicativo, o Usu\u00e1rio estar\u00e1 ciente das regras de utiliza\u00e7\u00e3o, prote\u00e7\u00e3o e seguran\u00e7a aqui estabelecidas. \u00c9 muito importante que o usu\u00e1rio leia atentamente esta Pol\u00edtica! Se ap\u00f3s a leitura desta Pol\u00edtica o usu\u00e1rio ainda tiver d\u00favidas, fique \u00e0 vontade para entrar em contato conosco por meio dos nossos Canais de Atendimento dispon\u00edveis em nosso site ou por meio de contato direto com o nosso Encarregado, conforme dispon\u00edvel nesta Pol\u00edtica. 1. O que voc\u00ea precisa saber antes de ler a pol\u00edtica: \u2013 Dados pessoais: informa\u00e7\u00f5es que permitem a identifica\u00e7\u00e3o de uma pessoa f\u00edsica, seja como dado isolado ou em conjunto com outras informa\u00e7\u00f5es dispon\u00edveis. Como, por exemplo, o n\u00famero do CPF e do RG. \u2013 Titular [&#8230;]<\/p>\n","protected":false},"author":1,"featured_media":0,"parent":0,"menu_order":10,"comment_status":"closed","ping_status":"closed","template":"","meta":{"footnotes":""},"class_list":["post-3","page","type-page","status-publish","hentry"],"acf":[],"yoast_head":"<!-- This site is optimized with the Yoast SEO plugin v20.9 - https:\/\/yoast.com\/wordpress\/plugins\/seo\/ -->\n<title>Pol\u00edtica de privacidade - Maquira<\/title>\n<meta name=\"description\" content=\"Conhe\u00e7a a pol\u00edtica de privacidade da Maquira \u00e9 refer\u00eancia mundial em qualidade, inova\u00e7\u00e3o e tecnologia na ind\u00fastria odontol\u00f3gica\" \/>\n<meta name=\"robots\" content=\"index, follow, max-snippet:-1, max-image-preview:large, max-video-preview:-1\" \/>\n<link rel=\"canonical\" href=\"https:\/\/maquira.com.br\/wp63\/politica-de-privacidade\/\" \/>\n<meta property=\"og:locale\" content=\"pt_BR\" \/>\n<meta property=\"og:type\" content=\"article\" \/>\n<meta property=\"og:title\" content=\"Pol\u00edtica de privacidade - Maquira\" \/>\n<meta property=\"og:description\" content=\"Conhe\u00e7a a pol\u00edtica de privacidade da Maquira \u00e9 refer\u00eancia mundial em qualidade, inova\u00e7\u00e3o e tecnologia na ind\u00fastria odontol\u00f3gica\" \/>\n<meta property=\"og:url\" content=\"https:\/\/maquira.com.br\/wp63\/politica-de-privacidade\/\" \/>\n<meta property=\"og:site_name\" content=\"Maquira\" \/>\n<meta property=\"article:publisher\" content=\"https:\/\/www.facebook.com\/maquiradentalgroup\" \/>\n<meta property=\"article:modified_time\" content=\"2023-06-14T13:17:51+00:00\" \/>\n<meta property=\"og:image\" content=\"https:\/\/maquira.com.br\/wp63\/wp-content\/uploads\/2023\/05\/m1.jpg\" \/>\n\t<meta property=\"og:image:width\" content=\"900\" \/>\n\t<meta property=\"og:image:height\" content=\"600\" \/>\n\t<meta property=\"og:image:type\" content=\"image\/jpeg\" \/>\n<meta name=\"twitter:card\" content=\"summary_large_image\" \/>\n<meta name=\"twitter:label1\" content=\"Est. tempo de leitura\" \/>\n\t<meta name=\"twitter:data1\" content=\"6 minutos\" \/>\n<script type=\"application\/ld+json\" class=\"yoast-schema-graph\">{\"@context\":\"https:\/\/schema.org\",\"@graph\":[{\"@type\":\"WebPage\",\"@id\":\"https:\/\/maquira.com.br\/wp63\/politica-de-privacidade\/\",\"url\":\"https:\/\/maquira.com.br\/wp63\/politica-de-privacidade\/\",\"name\":\"Pol\u00edtica de privacidade - Maquira\",\"isPartOf\":{\"@id\":\"https:\/\/maquira.com.br\/wp63\/#website\"},\"datePublished\":\"2023-03-29T16:38:08+00:00\",\"dateModified\":\"2023-06-14T13:17:51+00:00\",\"description\":\"Conhe\u00e7a a pol\u00edtica de privacidade da Maquira \u00e9 refer\u00eancia mundial em qualidade, inova\u00e7\u00e3o e tecnologia na ind\u00fastria odontol\u00f3gica\",\"breadcrumb\":{\"@id\":\"https:\/\/maquira.com.br\/wp63\/politica-de-privacidade\/#breadcrumb\"},\"inLanguage\":\"pt-BR\",\"potentialAction\":[{\"@type\":\"ReadAction\",\"target\":[\"https:\/\/maquira.com.br\/wp63\/politica-de-privacidade\/\"]}]},{\"@type\":\"BreadcrumbList\",\"@id\":\"https:\/\/maquira.com.br\/wp63\/politica-de-privacidade\/#breadcrumb\",\"itemListElement\":[{\"@type\":\"ListItem\",\"position\":1,\"name\":\"In\u00edcio\",\"item\":\"https:\/\/maquira.com.br\/wp63\/\"},{\"@type\":\"ListItem\",\"position\":2,\"name\":\"Pol\u00edtica de privacidade\"}]},{\"@type\":\"WebSite\",\"@id\":\"https:\/\/maquira.com.br\/wp63\/#website\",\"url\":\"https:\/\/maquira.com.br\/wp63\/\",\"name\":\"Maquira\",\"description\":\"\",\"publisher\":{\"@id\":\"https:\/\/maquira.com.br\/wp63\/#organization\"},\"potentialAction\":[{\"@type\":\"SearchAction\",\"target\":{\"@type\":\"EntryPoint\",\"urlTemplate\":\"https:\/\/maquira.com.br\/wp63\/?s={search_term_string}\"},\"query-input\":\"required name=search_term_string\"}],\"inLanguage\":\"pt-BR\"},{\"@type\":\"Organization\",\"@id\":\"https:\/\/maquira.com.br\/wp63\/#organization\",\"name\":\"Maquira\",\"alternateName\":\"Maquira\",\"url\":\"https:\/\/maquira.com.br\/wp63\/\",\"logo\":{\"@type\":\"ImageObject\",\"inLanguage\":\"pt-BR\",\"@id\":\"https:\/\/maquira.com.br\/wp63\/#\/schema\/logo\/image\/\",\"url\":\"https:\/\/maquira.com.br\/wp63\/wp-content\/uploads\/2023\/05\/m1.jpg\",\"contentUrl\":\"https:\/\/maquira.com.br\/wp63\/wp-content\/uploads\/2023\/05\/m1.jpg\",\"width\":900,\"height\":600,\"caption\":\"Maquira\"},\"image\":{\"@id\":\"https:\/\/maquira.com.br\/wp63\/#\/schema\/logo\/image\/\"},\"sameAs\":[\"https:\/\/www.facebook.com\/maquiradentalgroup\",\"https:\/\/www.linkedin.com\/company\/maquira\",\"https:\/\/www.instagram.com\/maquiradentalgroup\/\",\"https:\/\/www.youtube.com\/channel\/UCvbWpRmyX5WArQ1VbxcLJFg\"]}]}<\/script>\n<!-- \/ Yoast SEO plugin. -->","yoast_head_json":{"title":"Pol\u00edtica de privacidade - Maquira","description":"Conhe\u00e7a a pol\u00edtica de privacidade da Maquira \u00e9 refer\u00eancia mundial em qualidade, inova\u00e7\u00e3o e tecnologia na ind\u00fastria odontol\u00f3gica","robots":{"index":"index","follow":"follow","max-snippet":"max-snippet:-1","max-image-preview":"max-image-preview:large","max-video-preview":"max-video-preview:-1"},"canonical":"https:\/\/maquira.com.br\/wp63\/politica-de-privacidade\/","og_locale":"pt_BR","og_type":"article","og_title":"Pol\u00edtica de privacidade - Maquira","og_description":"Conhe\u00e7a a pol\u00edtica de privacidade da Maquira \u00e9 refer\u00eancia mundial em qualidade, inova\u00e7\u00e3o e tecnologia na ind\u00fastria odontol\u00f3gica","og_url":"https:\/\/maquira.com.br\/wp63\/politica-de-privacidade\/","og_site_name":"Maquira","article_publisher":"https:\/\/www.facebook.com\/maquiradentalgroup","article_modified_time":"2023-06-14T13:17:51+00:00","og_image":[{"width":900,"height":600,"url":"https:\/\/maquira.com.br\/wp63\/wp-content\/uploads\/2023\/05\/m1.jpg","type":"image\/jpeg"}],"twitter_card":"summary_large_image","twitter_misc":{"Est. tempo de leitura":"6 minutos"},"schema":{"@context":"https:\/\/schema.org","@graph":[{"@type":"WebPage","@id":"https:\/\/maquira.com.br\/wp63\/politica-de-privacidade\/","url":"https:\/\/maquira.com.br\/wp63\/politica-de-privacidade\/","name":"Pol\u00edtica de privacidade - Maquira","isPartOf":{"@id":"https:\/\/maquira.com.br\/wp63\/#website"},"datePublished":"2023-03-29T16:38:08+00:00","dateModified":"2023-06-14T13:17:51+00:00","description":"Conhe\u00e7a a pol\u00edtica de privacidade da Maquira \u00e9 refer\u00eancia mundial em qualidade, inova\u00e7\u00e3o e tecnologia na ind\u00fastria odontol\u00f3gica","breadcrumb":{"@id":"https:\/\/maquira.com.br\/wp63\/politica-de-privacidade\/#breadcrumb"},"inLanguage":"pt-BR","potentialAction":[{"@type":"ReadAction","target":["https:\/\/maquira.com.br\/wp63\/politica-de-privacidade\/"]}]},{"@type":"BreadcrumbList","@id":"https:\/\/maquira.com.br\/wp63\/politica-de-privacidade\/#breadcrumb","itemListElement":[{"@type":"ListItem","position":1,"name":"In\u00edcio","item":"https:\/\/maquira.com.br\/wp63\/"},{"@type":"ListItem","position":2,"name":"Pol\u00edtica de privacidade"}]},{"@type":"WebSite","@id":"https:\/\/maquira.com.br\/wp63\/#website","url":"https:\/\/maquira.com.br\/wp63\/","name":"Maquira","description":"","publisher":{"@id":"https:\/\/maquira.com.br\/wp63\/#organization"},"potentialAction":[{"@type":"SearchAction","target":{"@type":"EntryPoint","urlTemplate":"https:\/\/maquira.com.br\/wp63\/?s={search_term_string}"},"query-input":"required name=search_term_string"}],"inLanguage":"pt-BR"},{"@type":"Organization","@id":"https:\/\/maquira.com.br\/wp63\/#organization","name":"Maquira","alternateName":"Maquira","url":"https:\/\/maquira.com.br\/wp63\/","logo":{"@type":"ImageObject","inLanguage":"pt-BR","@id":"https:\/\/maquira.com.br\/wp63\/#\/schema\/logo\/image\/","url":"https:\/\/maquira.com.br\/wp63\/wp-content\/uploads\/2023\/05\/m1.jpg","contentUrl":"https:\/\/maquira.com.br\/wp63\/wp-content\/uploads\/2023\/05\/m1.jpg","width":900,"height":600,"caption":"Maquira"},"image":{"@id":"https:\/\/maquira.com.br\/wp63\/#\/schema\/logo\/image\/"},"sameAs":["https:\/\/www.facebook.com\/maquiradentalgroup","https:\/\/www.linkedin.com\/company\/maquira","https:\/\/www.instagram.com\/maquiradentalgroup\/","https:\/\/www.youtube.com\/channel\/UCvbWpRmyX5WArQ1VbxcLJFg"]}]}},"_links":{"self":[{"href":"https:\/\/maquira.com.br\/wp63\/wp-json\/wp\/v2\/pages\/3","targetHints":{"allow":["GET"]}}],"collection":[{"href":"https:\/\/maquira.com.br\/wp63\/wp-json\/wp\/v2\/pages"}],"about":[{"href":"https:\/\/maquira.com.br\/wp63\/wp-json\/wp\/v2\/types\/page"}],"author":[{"embeddable":true,"href":"https:\/\/maquira.com.br\/wp63\/wp-json\/wp\/v2\/users\/1"}],"replies":[{"embeddable":true,"href":"https:\/\/maquira.com.br\/wp63\/wp-json\/wp\/v2\/comments?post=3"}],"version-history":[{"count":0,"href":"https:\/\/maquira.com.br\/wp63\/wp-json\/wp\/v2\/pages\/3\/revisions"}],"wp:attachment":[{"href":"https:\/\/maquira.com.br\/wp63\/wp-json\/wp\/v2\/media?parent=3"}],"curies":[{"name":"wp","href":"https:\/\/api.w.org\/{rel}","templated":true}]}}